{"help":"Return the metadata of a dataset (package) and its resources. :param id: the id or name of the dataset :type id: string","success":true,"result":[{"id":"2c5992d2-c76b-4a6e-86fb-e7704e1b184b","name":"dados-de-cotistas-na-ufu","title":"Dados de cotistas na UFU","maintainer":"Dados Abertos - Universidade Federal de Uberl\u00e2ndia","maintainer_email":"webmaster@cti.ufu.br","license_title":"http:\/\/opendefinition.org\/licenses\/odc-odbl\/","notes":"\u003Cp\u003EQuantidade de cotistas, por cota e por curso (Dados agregados de cotistas por curso).\u003C\/p\u003E\n","url":"https:\/\/dados.ufu.br\/conjunto-de-dados\/dados-de-cotistas-na-ufu","state":"Active","log_message":"Update to resource \u0027Cotistas Evadidos por modalidade na UFU - 2\u00b0 Semestre\/2025\u0027","private":true,"revision_timestamp":"sex, 04\/24\/2026 - 16:36","metadata_created":"ter, 05\/06\/2025 - 16:45","metadata_modified":"sex, 04\/24\/2026 - 16:36","creator_user_id":"cfb1a0e1-829c-447d-aab4-67fed4754b56","type":"Dataset","resources":[{"id":"a631ba54-e5c9-40fa-b1f5-3651b370a1b8","revision_id":"","url":"https:\/\/dados.ufu.br\/sites\/default\/files\/cotistas_vinculados_na_ufu_-_2024_-1.csv","description":"\u003Cp\u003ESalientamos que os dados foram extra\u00eddos do Sistema de Gest\u00e3o em 14\/05\/2025. Esclarecemos que consideramos alunos vinculados \u00e0 UFU aqueles com v\u00ednculo em 2024, alunos evadidos em 2024 e alunos formados em 2024.\u00a0Alunos matriculados s\u00e3o aqueles que t\u00eam matr\u00edcula em componentes curriculares no per\u00edodo estabelecido. Esclarecemos, ainda, que os dados est\u00e3o sujeitos a altera\u00e7\u00f5es, haja vista que os processamentos acad\u00eamicos s\u00e3o efetuados cotidianamente.\u003C\/p\u003E\n","format":"csv","state":"Active","revision_timestamp":"sex, 05\/16\/2025 - 10:11","name":"Cotistas Vinculados na UFU - 1\u00b0 Semestre\/2024","mimetype":"text\/csv","size":"113 KB","created":"sex, 05\/16\/2025 - 09:51","resource_group_id":"8892da87-8bb2-401d-9255-c95ccc5cfa93","last_modified":"Date changed  sex, 05\/16\/2025 - 10:11"},{"id":"e50aa97d-8042-40e4-8bf1-e9e0c8f75eae","revision_id":"","url":"https:\/\/dados.ufu.br\/sites\/default\/files\/cotistas_formados_por_modalidade_na_ufu_2024_-1.csv","description":"\u003Cp\u003ESalientamos que os dados foram extra\u00eddos do Sistema de Gest\u00e3o em 14\/05\/2025. Esclarecemos que consideramos alunos vinculados \u00e0 UFU aqueles com v\u00ednculo em 2024, alunos evadidos em 2024 e alunos formados em 2024.\u00a0Alunos matriculados s\u00e3o aqueles que t\u00eam matr\u00edcula em componentes curriculares no per\u00edodo estabelecido. Esclarecemos, ainda, que os dados est\u00e3o sujeitos a altera\u00e7\u00f5es, haja vista que os processamentos acad\u00eamicos s\u00e3o efetuados cotidianamente.\u003C\/p\u003E\n","format":"csv","state":"Active","revision_timestamp":"sex, 05\/16\/2025 - 10:08","name":"Cotistas Formados por modalidade na UFU - 1\u00b0 Semestre\/2024","mimetype":"text\/csv","size":"40.95 KB","created":"sex, 05\/16\/2025 - 09:52","resource_group_id":"8892da87-8bb2-401d-9255-c95ccc5cfa93","last_modified":"Date changed  sex, 05\/16\/2025 - 10:08"},{"id":"34f95c3c-33a6-4289-a09a-9a2dc0bd94ee","revision_id":"","url":"https:\/\/dados.ufu.br\/sites\/default\/files\/cotistas_evadidos_por_modalidade_na_ufu_2024_-_1.csv","description":"\u003Cp\u003ESalientamos que os dados foram extra\u00eddos do Sistema de Gest\u00e3o em 14\/05\/2025. Esclarecemos que consideramos alunos vinculados \u00e0 UFU aqueles com v\u00ednculo em 2024, alunos evadidos em 2024 e alunos formados em 2024.\u00a0Alunos matriculados s\u00e3o aqueles que t\u00eam matr\u00edcula em componentes curriculares no per\u00edodo estabelecido. Esclarecemos, ainda, que os dados est\u00e3o sujeitos a altera\u00e7\u00f5es, haja vista que os processamentos acad\u00eamicos s\u00e3o efetuados cotidianamente.\u003C\/p\u003E\n","format":"csv","state":"Active","revision_timestamp":"sex, 05\/16\/2025 - 10:09","name":"Cotistas Evadidos por modalidade na UFU - 1\u00b0 Semestre\/2024","mimetype":"text\/csv","size":"81.81 KB","created":"sex, 05\/16\/2025 - 10:09","resource_group_id":"8892da87-8bb2-401d-9255-c95ccc5cfa93","last_modified":"Date changed  sex, 05\/16\/2025 - 10:09"},{"id":"00656c36-083c-490f-a2e5-ab28d90c45a4","revision_id":"","url":"https:\/\/dados.ufu.br\/sites\/default\/files\/cotistas_vinculados_na_ufu_2024_-_2.xlsx","description":"\u003Cp\u003ESalientamos que os dados foram extra\u00eddos do Sistema de Gest\u00e3o em 14\/05\/2025. Esclarecemos que consideramos alunos vinculados \u00e0 UFU aqueles com v\u00ednculo em 2024, alunos evadidos em 2024 e alunos formados em 2024. Alunos matriculados s\u00e3o aqueles que t\u00eam matr\u00edcula em componentes curriculares no per\u00edodo estabelecido. Esclarecemos, ainda, que os dados est\u00e3o sujeitos a altera\u00e7\u00f5es, haja vista que os processamentos acad\u00eamicos s\u00e3o efetuados cotidianamente.\u003C\/p\u003E\n","format":"csv","state":"Active","revision_timestamp":"sex, 05\/16\/2025 - 10:13","name":"Cotistas Vinculados na UFU - 2\u00b0 Semestre\/2024","mimetype":"application\/vnd.openxmlformats-officedocument.spreadsheetml.sheet","size":"31.94 KB","created":"sex, 05\/16\/2025 - 10:13","resource_group_id":"8892da87-8bb2-401d-9255-c95ccc5cfa93","last_modified":"Date changed  sex, 05\/16\/2025 - 10:13"},{"id":"4a3aabca-193f-4e0f-a9d3-5e4888e4c3fc","revision_id":"","url":"https:\/\/dados.ufu.br\/sites\/default\/files\/formados_por_modalidade_na_ufu_2024_-_2.csv","description":"\u003Cp\u003ESalientamos que os dados foram extra\u00eddos do Sistema de Gest\u00e3o em 14\/05\/2025. Esclarecemos que consideramos alunos vinculados \u00e0 UFU aqueles com v\u00ednculo em 2024, alunos evadidos em 2024 e alunos formados em 2024. Alunos matriculados s\u00e3o aqueles que t\u00eam matr\u00edcula em componentes curriculares no per\u00edodo estabelecido. Esclarecemos, ainda, que os dados est\u00e3o sujeitos a altera\u00e7\u00f5es, haja vista que os processamentos acad\u00eamicos s\u00e3o efetuados cotidianamente.\u003C\/p\u003E\n","format":"csv","state":"Active","revision_timestamp":"sex, 05\/16\/2025 - 10:14","name":"Cotistas Formados por modalidade na UFU - 2\u00b0 Semestre\/2024","mimetype":"text\/csv","size":"8.41 KB","created":"sex, 05\/16\/2025 - 10:14","resource_group_id":"8892da87-8bb2-401d-9255-c95ccc5cfa93","last_modified":"Date changed  sex, 05\/16\/2025 - 10:14"},{"id":"86b03755-c0c6-4b0d-a2a5-ea67fd0c4b83","revision_id":"","url":"https:\/\/dados.ufu.br\/sites\/default\/files\/evadidos_por_modalidades_na_ufu_2024-2.xlsx","description":"\u003Cp\u003ESalientamos que os dados foram extra\u00eddos do Sistema de Gest\u00e3o em 14\/05\/2025. Esclarecemos que consideramos alunos vinculados \u00e0 UFU aqueles com v\u00ednculo em 2024, alunos evadidos em 2024 e alunos formados em 2024. Alunos matriculados s\u00e3o aqueles que t\u00eam matr\u00edcula em componentes curriculares no per\u00edodo estabelecido. Esclarecemos, ainda, que os dados est\u00e3o sujeitos a altera\u00e7\u00f5es, haja vista que os processamentos acad\u00eamicos s\u00e3o efetuados cotidianamente.\u003C\/p\u003E\n","format":"csv","state":"Active","revision_timestamp":"sex, 05\/16\/2025 - 10:14","name":"Cotistas Evadidos por modalidade na UFU - 2\u00b0 Semestre\/2024","mimetype":"application\/vnd.openxmlformats-officedocument.spreadsheetml.sheet","size":"19.65 KB","created":"sex, 05\/16\/2025 - 10:14","resource_group_id":"8892da87-8bb2-401d-9255-c95ccc5cfa93","last_modified":"Date changed  sex, 05\/16\/2025 - 10:14"},{"id":"7e05e9b2-35dd-4e44-a84c-c6090aee3a45","revision_id":"","url":"https:\/\/dados.ufu.br\/sites\/default\/files\/cotistas_vinculados_na_ufu_2025-1.csv","description":"\u003Cp\u003ESalientamos que os dados foram extra\u00eddos do Sistema de Gest\u00e3o em 01\/09\/2025 e 03\/09\/2025. Esclarecemos que consideramos alunos vinculados \u00e0 UFU aqueles com v\u00ednculo em 2025\/1, alunos evadidos em 2025\/1 e alunos formados em 2025\/1.\u00a0Alunos matriculados s\u00e3o aqueles que t\u00eam matr\u00edcula em componentes curriculares no per\u00edodo estabelecido. Esclarecemos, ainda, que os dados est\u00e3o sujeitos a altera\u00e7\u00f5es, haja vista que os processamentos acad\u00eamicos s\u00e3o efetuados cotidianamente.\u003C\/p\u003E\n","format":"csv","state":"Active","revision_timestamp":"sex, 09\/19\/2025 - 14:48","name":"Cotistas Vinculados na UFU - 1\u00b0 Semestre\/2025","mimetype":"text\/csv","size":"101.29 KB","created":"sex, 09\/19\/2025 - 14:45","resource_group_id":"8892da87-8bb2-401d-9255-c95ccc5cfa93","last_modified":"Date changed  sex, 09\/19\/2025 - 14:48"},{"id":"4b1f7ce2-7a4b-48fe-835a-ebdc77d5e319","revision_id":"","url":"https:\/\/dados.ufu.br\/sites\/default\/files\/cotistas_formados_na_ufu_2025-1.csv","description":"\u003Cp\u003ESalientamos que os dados foram extra\u00eddos do Sistema de Gest\u00e3o em 01\/09\/2025 e 03\/09\/2025. Esclarecemos que consideramos alunos vinculados \u00e0 UFU aqueles com v\u00ednculo em 2025\/1, alunos evadidos em 2025\/1 e alunos formados em 2025\/1.\u00a0Alunos matriculados s\u00e3o aqueles que t\u00eam matr\u00edcula em componentes curriculares no per\u00edodo estabelecido. Esclarecemos, ainda, que os dados est\u00e3o sujeitos a altera\u00e7\u00f5es, haja vista que os processamentos acad\u00eamicos s\u00e3o efetuados cotidianamente.\u003C\/p\u003E\n","format":"csv","state":"Active","revision_timestamp":"sex, 09\/19\/2025 - 14:48","name":"Cotistas Formados por modalidade na UFU - 1\u00b0 Semestre\/2025","mimetype":"text\/csv","size":"7.54 KB","created":"sex, 09\/19\/2025 - 14:46","resource_group_id":"8892da87-8bb2-401d-9255-c95ccc5cfa93","last_modified":"Date changed  sex, 09\/19\/2025 - 14:48"},{"id":"dca53ed9-2423-4c81-b085-7410bbdb4435","revision_id":"","url":"https:\/\/dados.ufu.br\/sites\/default\/files\/cotistas_evadidos_na_ufu_2025-1.csv","description":"\u003Cp\u003ESalientamos que os dados foram extra\u00eddos do Sistema de Gest\u00e3o em 01\/09\/2025 e 03\/09\/2025. Esclarecemos que consideramos alunos vinculados \u00e0 UFU aqueles com v\u00ednculo em 2025\/1, alunos evadidos em 2025\/1 e alunos formados em 2025\/1.\u00a0Alunos matriculados s\u00e3o aqueles que t\u00eam matr\u00edcula em componentes curriculares no per\u00edodo estabelecido. Esclarecemos, ainda, que os dados est\u00e3o sujeitos a altera\u00e7\u00f5es, haja vista que os processamentos acad\u00eamicos s\u00e3o efetuados cotidianamente.\u003C\/p\u003E\n","format":"csv","state":"Active","revision_timestamp":"sex, 09\/19\/2025 - 14:48","name":"Cotistas Evadidos por modalidade na UFU - 1\u00b0 Semestre\/2025","mimetype":"text\/csv","size":"22.54 KB","created":"sex, 09\/19\/2025 - 14:46","resource_group_id":"8892da87-8bb2-401d-9255-c95ccc5cfa93","last_modified":"Date changed  sex, 09\/19\/2025 - 14:48"},{"id":"f1db8f3e-c345-4844-8398-3a1d63bc0dc6","revision_id":"","url":"https:\/\/dados.ufu.br\/sites\/default\/files\/cotistas_vinculados_2_sem._2025.csv","description":"\u003Cp\u003EA Diretora de Administra\u00e7\u00e3o e Controle Acad\u00eamico (DIRAC\/PROGRAD) salienta que os dados foram extra\u00eddos do Sistema de Gest\u00e3o em 06\/02\/2026. Esclarecemos que consideramos alunos vinculados \u00e0 UFU aqueles com v\u00ednculo em 2025\/2, alunos evadidos em 2025\/2 e alunos formados em 2025\/2. Alunos matriculados s\u00e3o aqueles que t\u00eam matr\u00edcula em componentes curriculares no per\u00edodo estabelecido. Esclarecemos, ainda, que os dados est\u00e3o sujeitos a altera\u00e7\u00f5es, haja vista que os processamentos acad\u00eamicos s\u00e3o efetuados cotidianamente.\u003C\/p\u003E\n","format":"csv","state":"Active","revision_timestamp":"sex, 04\/24\/2026 - 16:09","name":"Cotistas Vinculados na UFU - 2\u00b0 Semestre\/2025","mimetype":"text\/csv","size":"104.54 KB","created":"sex, 04\/24\/2026 - 16:09","resource_group_id":"8892da87-8bb2-401d-9255-c95ccc5cfa93","last_modified":"Date changed  sex, 04\/24\/2026 - 16:09"},{"id":"abb7a2ca-e480-4820-8822-ce220a7b1068","revision_id":"","url":"https:\/\/dados.ufu.br\/sites\/default\/files\/cotistas_formados_2_sem._2025.xlsx","description":"\u003Cp\u003EA Diretora de Administra\u00e7\u00e3o e Controle Acad\u00eamico (DIRAC\/PROGRAD) salienta que os dados foram extra\u00eddos do Sistema de Gest\u00e3o em 06\/02\/2026. Esclarecemos que consideramos alunos vinculados \u00e0 UFU aqueles com v\u00ednculo em 2025\/2, alunos evadidos em 2025\/2 e alunos formados em 2025\/2. Alunos matriculados s\u00e3o aqueles que t\u00eam matr\u00edcula em componentes curriculares no per\u00edodo estabelecido. Esclarecemos, ainda, que os dados est\u00e3o sujeitos a altera\u00e7\u00f5es, haja vista que os processamentos acad\u00eamicos s\u00e3o efetuados cotidianamente.\u003C\/p\u003E\n","format":"csv","state":"Active","revision_timestamp":"sex, 04\/24\/2026 - 16:10","name":"Cotistas Formados por modalidade na UFU - 2\u00b0 Semestre\/2025","mimetype":"application\/vnd.openxmlformats-officedocument.spreadsheetml.sheet","size":"9.29 KB","created":"sex, 04\/24\/2026 - 16:10","resource_group_id":"8892da87-8bb2-401d-9255-c95ccc5cfa93","last_modified":"Date changed  sex, 04\/24\/2026 - 16:10"},{"id":"e414c3ce-66a6-4e86-92d7-da3768ef6b04","revision_id":"","url":"https:\/\/dados.ufu.br\/sites\/default\/files\/cotistas_evadidos_2_sem._2025.csv","description":"\u003Cp\u003EA Diretora de Administra\u00e7\u00e3o e Controle Acad\u00eamico (DIRAC\/PROGRAD) salienta que os dados foram extra\u00eddos do Sistema de Gest\u00e3o em 06\/02\/2026. Esclarecemos que consideramos alunos vinculados \u00e0 UFU aqueles com v\u00ednculo em 2025\/2, alunos evadidos em 2025\/2 e alunos formados em 2025\/2. Alunos matriculados s\u00e3o aqueles que t\u00eam matr\u00edcula em componentes curriculares no per\u00edodo estabelecido. Esclarecemos, ainda, que os dados est\u00e3o sujeitos a altera\u00e7\u00f5es, haja vista que os processamentos acad\u00eamicos s\u00e3o efetuados cotidianamente.\u003C\/p\u003E\n","format":"csv","state":"Active","revision_timestamp":"sex, 04\/24\/2026 - 16:11","name":"Cotistas Evadidos por modalidade na UFU - 2\u00b0 Semestre\/2025","mimetype":"text\/csv","size":"1.94 KB","created":"sex, 04\/24\/2026 - 16:11","resource_group_id":"8892da87-8bb2-401d-9255-c95ccc5cfa93","last_modified":"Date changed  sex, 04\/24\/2026 - 16:11"}],"groups":[{"description":"\u003Cp\u003EA Universidade Federal de Uberl\u00e2ndia \u2013 UFU \u00e9 uma Funda\u00e7\u00e3o P\u00fablica, integrante da Administra\u00e7\u00e3o Federal Indireta, vinculada ao Minist\u00e9rio da Educa\u00e7\u00e3o, sendo autorizada a funcionar pelo Decreto-lei n\u00ba 762, de 14 de agosto de 1969 e federalizada pela Lei n\u00ba 6.532, de 24 de maio de 1978. Sua organiza\u00e7\u00e3o e funcionamento s\u00e3o regidos pela Legisla\u00e7\u00e3o Federal, por seu Estatuto, Regimento Geral e por normas complementares.\u003C\/p\u003E\n","id":"8892da87-8bb2-401d-9255-c95ccc5cfa93","image_display_url":"https:\/\/dados.ufu.br\/sites\/default\/files\/logo_ufu.png","title":"UFU","name":"organizacao\/ufu"}]}]}